{"id":19,"date":"2025-05-01T11:44:03","date_gmt":"2025-05-01T09:44:03","guid":{"rendered":"https:\/\/www.archivesmbala.org\/?page_id=19"},"modified":"2025-12-14T18:04:53","modified_gmt":"2025-12-14T17:04:53","slug":"accueil","status":"publish","type":"page","link":"https:\/\/www.archivesmbala.org\/","title":{"rendered":"Accueil"},"content":{"rendered":"\n<p>Les&nbsp;<strong>Archives Mbala<\/strong>&nbsp;sont d\u00e9di\u00e9es \u00e0 la pr\u00e9servation et \u00e0 la diffusion du patrimoine des <a href=\"https:\/\/www.archivesmbala.org\/index.php\/qui-sont-les-mbala\/\">Mbala<\/a> (H41), \u00e9tablis en R\u00e9publique D\u00e9mocratique du Congo, principalement dans les provinces du Kasa\u00ef-Central, du Kwango et du Kwilu.<\/p>\n\n\n\n<p>N\u00e9es en 2021 dans le but de rendre accessible la documentation culturelle li\u00e9e aux langues Mbala dans le but de sauvegarder l\u2019h\u00e9ritage culturel, historique et linguistique de ce peuple, les Archives Mbala se consacrent \u00e0 la collecte, l\u2019archivage et la mise en valeur des traditions orales, des r\u00e9cits historiques, des savoir-faire artisanaux ainsi que des pratiques artistiques propres aux Mbala.<\/p>\n\n\n\n<p>Elles offrent un espace d\u2019\u00e9change et de recherche accessible aux membres de la communaut\u00e9, aux chercheurs et aux passionn\u00e9s d\u2019histoire. \u00c0 travers des documents, des expositions et des \u00e9v\u00e9nements culturels, elles visent \u00e0 sensibiliser le public \u00e0 la richesse du patrimoine Mbala et \u00e0 garantir sa transmission aux g\u00e9n\u00e9rations futures.<\/p>\n\n\n\n<p>Depuis Novembre 2025, elles agissent pour soutenir celles et ceux contribuant \u00e0 la valorisation du patrimoine Mbala dont les voix sont \u00e9touff\u00e9es et dont les projets sont retard\u00e9s ou annul\u00e9s par des syst\u00e8mes inefficaces ou corrompus : cette initiative a \u00e9t\u00e9 lanc\u00e9e par un groupe de personnes attach\u00e9es \u00e0 la justice et au patrimoine culturel Mbala, exasp\u00e9r\u00e9es de voir trop souvent des projets personnels et culturels bloqu\u00e9s par toutes sortes d\u2019injustices, qu\u2019elles soient sociales, administratives ou \u00e9conomiques.<\/p>\n\n\n\n<h2 class=\"wp-block-heading\">Le Cosmopolitan en parle !<\/h2>\n\n\n\n<figure class=\"wp-block-image size-large\"><a href=\"https:\/\/www.cosmopolitan.fr\/archives-mbala-un-centre-digital-au-service-de-la-culture-du-peuple-mbala-en-rdc,2142052.asp\"><img loading=\"lazy\" decoding=\"async\" width=\"1024\" height=\"848\" src=\"https:\/\/www.archivesmbala.org\/wp-content\/uploads\/2025\/09\/image-1024x848.png\" alt=\"\" class=\"wp-image-126\" srcset=\"https:\/\/www.archivesmbala.org\/wp-content\/uploads\/2025\/09\/image-1024x848.png 1024w, https:\/\/www.archivesmbala.org\/wp-content\/uploads\/2025\/09\/image-300x248.png 300w, https:\/\/www.archivesmbala.org\/wp-content\/uploads\/2025\/09\/image-768x636.png 768w, https:\/\/www.archivesmbala.org\/wp-content\/uploads\/2025\/09\/image.png 1027w\" sizes=\"auto, (max-width: 1024px) 100vw, 1024px\" \/><\/a><figcaption class=\"wp-element-caption\">Article paru le 01\/09\/2025 sur le site <a href=\"https:\/\/www.cosmopolitan.fr\/archives-mbala-un-centre-digital-au-service-de-la-culture-du-peuple-mbala-en-rdc,2142052.asp\">cosmopolitan.fr<\/a><\/figcaption><\/figure>\n\n\n\n<p><\/p>\n","protected":false},"excerpt":{"rendered":"<p>Les&nbsp;Archives Mbala&nbsp;sont d\u00e9di\u00e9es \u00e0 la pr\u00e9servation et \u00e0 la diffusion du patrimoine des Mbala (H41),&hellip;<\/p>\n","protected":false},"author":1,"featured_media":0,"parent":0,"menu_order":0,"comment_status":"closed","ping_status":"closed","template":"","meta":{"footnotes":""},"class_list":["post-19","page","type-page","status-publish","hentry"],"_links":{"self":[{"href":"https:\/\/www.archivesmbala.org\/index.php\/wp-json\/wp\/v2\/pages\/19","targetHints":{"allow":["GET"]}}],"collection":[{"href":"https:\/\/www.archivesmbala.org\/index.php\/wp-json\/wp\/v2\/pages"}],"about":[{"href":"https:\/\/www.archivesmbala.org\/index.php\/wp-json\/wp\/v2\/types\/page"}],"author":[{"embeddable":true,"href":"https:\/\/www.archivesmbala.org\/index.php\/wp-json\/wp\/v2\/users\/1"}],"replies":[{"embeddable":true,"href":"https:\/\/www.archivesmbala.org\/index.php\/wp-json\/wp\/v2\/comments?post=19"}],"version-history":[{"count":5,"href":"https:\/\/www.archivesmbala.org\/index.php\/wp-json\/wp\/v2\/pages\/19\/revisions"}],"predecessor-version":[{"id":231,"href":"https:\/\/www.archivesmbala.org\/index.php\/wp-json\/wp\/v2\/pages\/19\/revisions\/231"}],"wp:attachment":[{"href":"https:\/\/www.archivesmbala.org\/index.php\/wp-json\/wp\/v2\/media?parent=19"}],"curies":[{"name":"wp","href":"https:\/\/api.w.org\/{rel}","templated":true}]}}